{"id":2105,"date":"2025-10-30T12:05:06","date_gmt":"2025-10-30T11:05:06","guid":{"rendered":"https:\/\/hi-technologies.ch\/?page_id=2105"},"modified":"2025-12-18T14:08:15","modified_gmt":"2025-12-18T13:08:15","slug":"aver-cameras-pro-av","status":"publish","type":"page","link":"https:\/\/hi-technologies.ch\/fr\/marques-partenaires\/aver-cameras-pro-av\/","title":{"rendered":"AVer \u2013 Cam\u00e9ras Pro AV"},"content":{"rendered":"\n\n\n\n   \n\n\n  \n\n\n\n\n        \n<section\n  id=\"block_7ad1c04cf122c96af8ff16e9308db0f6\"\n  class=\"hero_section relative isolate   w-full overflow-hidden md:rounded-2xl md:mt-6 mt-0 js-hero\"\n  data-hero-tone=\"light\"\n  style=\"background-image:linear-gradient(90deg, rgba(0,0,0,.90) 0%, rgba(0,0,0,.40) 50%), url(https:\/\/hi-technologies.ch\/app\/uploads\/2025\/10\/hit-proav.jpg); background-size:cover; background-position:center; min-height:48vh;\">\n\n\n    \n\n    \n    \n  <div class=\"relative z-20 max-w-7xl px-4 md:px-6 mx-auto\" style=\"min-height:48vh;\">\n    <div class=\"flex items-center\" style=\"min-height:48vh;\">\n              \n        <div class=\"hero__content py-12 md:py-16 lg:py-20 text-white text-left\">\n\n          \n                      <h1 class=\"text-3xl md:text-6xl fw-600 uppercase leading-tight js-reveal\"\n                data-reveal-from=\"left\" data-reveal-distance=\"24\"\n                data-reveal-delay=\"0.06\" data-reveal-once=\"true\">\n              AVer \u2013 Cam\u00e9ras Pro AV\n            <\/h1>\n          \n                      <div class=\"mt-4 text-sm md:text-base leading-relaxed opacity-95 js-reveal-blur\"\n                data-reveal-distance=\"12\" data-reveal-delay=\"0.12\" data-reveal-once=\"true\">\n              <p class=\"p1\">Des cam\u00e9ras professionnelles innovantes, combinant qualit\u00e9 d\u2019image exceptionnelle, pr\u00e9cision et technologies avanc\u00e9es pour des productions audiovisuelles performantes et fiables<\/p>\n\n            <\/div>\n          \n                                          <div class=\"mt-6 flex flex-wrap items-center gap-4 js-reveal\"\n                data-reveal-from=\"up\" data-reveal-distance=\"16\"\n                data-reveal-delay=\"0.18\" data-reveal-once=\"true\">\n                                                  \n                    \n                \n\n<a href=\"#solutions\" class=\"cta_link tone-teal\">\n  <span>D\u00e9couvrir les solutions AVer<\/span>\n  <\/a>\n      \n                                                  \n                    \n                \n\n\n\n\n\n\n      \n        \n    \n      <a href=\"https:\/\/hi-technologies.ch\/fr\/contact\/\"\n       class=\"cta_btn cta_btn--md cta_btn--wipe tone-teal cta_btn--hairline halo-none\"\n       >\n      <span>Contactez nos sp\u00e9cialistes<\/span>\n          <\/a>\n        \n            <\/div>\n          \n        <\/div>\n\n    <\/div>\n  <\/div>\n<\/section>\n\n<script>\n  (function () {\n    var hero = document.currentScript && document.currentScript.previousElementSibling;\n    if (!hero) return;\n    var tone = hero.getAttribute('data-hero-tone') || 'light';\n    document.body.classList.add('has-hero', 'hero-tone-' + tone);\n  })();\n<\/script>\n\n\n\n\n\n\n\n\n<section id=\"block_3bf776fc8d9ed5964e45af0e52698e6c\"\n         class=\"b2 block_2col mt-12 rounded-2xl \"\n         style=\"background-color:#f7f7f7;\">\n  <div class=\"max-w-7xl mx-auto px-4 md:px-6 py-12 md:py-16\">\n    <div class=\"grid grid-cols-1 md:grid-cols-12 gap-8 md:gap-10 items-center\">\n\n            <div class=\"md:order-1 md:col-span-6 pl-12 pr-12 js-reveal\" data-reveal-distance=\"24\">\n                                  <img decoding=\"async\" class=\"b2-logo max-w-[340px] w-full h-auto\" src=\"https:\/\/hi-technologies.ch\/app\/uploads\/2025\/10\/Hit-AVer-Logo.png\" alt=\"\">\n        \n        \n              <\/div>\n\n            <div class=\"md:order-2 md:col-span-6 pl-12 pr-12 js-reveal\" data-reveal-distance=\"24\">\n                  <h2 class=\"text-3xl md:text-4xl fw-500 leading-tight mb-12 mt-12 js-reveal-blur\" data-reveal-stagger=\"0.06\">\n            Innovation et performance pour la captation et la diffusion de vos contenus audiovisuels\n          <\/h2>\n        \n                  <div class=\"text-xs md:text-base leading-relaxed mt-12 mb-6\">\n            <p class=\"p1\">AVer, sp\u00e9cialiste ta\u00efwanais des solutions de collaboration visuelle, con\u00e7oit des technologies audiovisuelles haut de gamme pour les environnements professionnels et cr\u00e9atifs. La gamme Pro AV d\u2019AVer comprend des cam\u00e9ras PTZ et fixes, des syst\u00e8mes de capture 4K, ainsi que des cam\u00e9ras avec suivi AI et cadrage intelligent, offrant une qualit\u00e9 d\u2019image exceptionnelle et une grande pr\u00e9cision. Ces solutions sont con\u00e7ues pour les productions professionnelles, la diffusion en direct, l\u2019\u00e9ducation et les environnements de cr\u00e9ation de contenu, garantissant des images nettes et fiables. Innovantes et faciles \u00e0 int\u00e9grer, les cam\u00e9ras Pro AV permettent aux utilisateurs de capturer et diffuser leurs contenus audiovisuels avec fluidit\u00e9 et performance.<\/p>\n\n          <\/div>\n        \n                        \n                  <div class=\"mt-6 flex flex-wrap gap-4\">\n                                                \n                    \n                \n\n<a href=\"#solutions\" class=\"cta_link tone-teal\">\n  <span>Focus sur deux solutions AVer<\/span>\n  <\/a>\n      \n                                                \n                    \n                \n\n\n\n\n\n\n      \n        \n    \n      <a href=\"#produits\"\n       class=\"cta_btn cta_btn--md cta_btn--wipe tone-teal cta_btn--hairline halo-none\"\n       >\n      <span>Gamme de produits<\/span>\n          <\/a>\n        \n          <\/div>\n              <\/div>\n\n    <\/div>\n  <\/div>\n<\/section>\n\n\n\n<h2 class=\"wp-block-heading has-text-align-center\"><br>Deux solutions de cam\u00e9ras AVer que nous avons aim\u00e9<\/h2>\n\n\n\n\n\n\n\n\n\n<section id=\"solutions\" class=\"spotlight relative  mt-5 mb-5\">\n  <div class=\"max-w-7xl mx-auto px-4 md:px-6 py-12 md:py-16\">\n\n        <div\n      class=\"hidden md:block absolute inset-y-6 md:inset-y-8 bg-[#f7f7f7] rounded-2xl w-1\/2 right-0\"\n      aria-hidden=\"true\"><\/div>\n\n    <div class=\"relative grid grid-cols-1 md:grid-cols-12 gap-8 md:gap-12 items-center z-10\">\n\n            <div class=\"md:order-1 md:col-span-7 md:-mr-10 lg:-mr-12 js-reveal\"\n        data-reveal-from=\"left\"\n        data-reveal-distance=\"120\"\n        data-reveal-delay=\"0\">\n                          <div class=\"rounded-xl overflow-hidden shadow-sm\">\n                                                            <video class=\"w-full h-auto block\"\n                  playsinline    controls\n                                    data-autoplay-on-scroll>\n              <source src=\"https:\/\/hi-technologies.ch\/app\/uploads\/2025\/10\/AVer-PTC300-Series-Intro-Video-AVer-Information.mp4\" type=\"video\/mp4\">\n            <\/video>\n          <\/div>\n        \n                      <\/div>\n\n            <div class=\"md:order-2 md:col-span-5\">\n        <div class=\"px-5 py-15 md:px-10 md:py-30 \">\n\n          \n                      <h2 class=\"text-3xl md:text-4xl fw-600 leading-tight mb-8 mt-16 js-reveal\"\n                data-reveal-from=\"right\" data-reveal-distance=\"24\" data-reveal-once=\"true\">\n              AVer PTC310UV2\n            <\/h2>\n          \n                      <p class=\"text-lg uppercase tracking-wide opacity-80 mb-6 u-title fw-500 js-reveal\"\n              data-reveal-from=\"right\" data-reveal-distance=\"20\"\n              data-reveal-delay=\"0.06\" data-reveal-once=\"true\">\n              Cam\u00e9ra PTZ 4K avec suivi automatique intelligent\n            <\/p>\n          \n                      <div class=\"mt-2 text-sm md:text-base leading-relaxed js-reveal-blur\"\n                data-reveal-distance=\"12\" data-reveal-delay=\"0.12\" data-reveal-once=\"true\">\n              <p class=\"p1\"><b><span class=\"Apple-converted-space\">\u00a0<\/span><\/b>La PTC310UV2 est une cam\u00e9ra PTZ 4K Ultra HD con\u00e7ue pour les environnements de production et de diffusion professionnels. Dot\u00e9e d\u2019un zoom optique 12x et du suivi automatique par intelligence artificielle, elle capture les mouvements avec une grande pr\u00e9cision. Sa connectivit\u00e9 HDMI, USB et IP en fait une solution polyvalente, id\u00e9ale pour les studios, \u00e9v\u00e9nements en direct, auditoriums ou contenus \u00e9ducatifs.<\/p>\n\n            <\/div>\n          \n                    \n                      <div class=\"mt-8 flex flex-wrap items-center gap-6 mb-16 js-reveal\"\n                data-reveal-from=\"up\" data-reveal-distance=\"16\"\n                data-reveal-delay=\"0.18\" data-reveal-once=\"true\">\n                                                  \n                    \n                \n\n<a href=\"https:\/\/hi-technologies.ch\/fr\/contact\/\" class=\"cta_link tone-teal\">\n  <span>Contactez-nous<\/span>\n  <\/a>\n      \n                        \n            <\/div>\n          \n        <\/div>\n      <\/div>\n\n\n    <\/div>\n  <\/div>\n<\/section>\n\n\n\n\n\n\n\n\n\n<section id=\"block_eba7e7a0e08c65c3c8844315bc400027\" class=\"spotlight relative  mt-5 mb-5\">\n  <div class=\"max-w-7xl mx-auto px-4 md:px-6 py-12 md:py-16\">\n\n        <div\n      class=\"hidden md:block absolute inset-y-6 md:inset-y-8 bg-[#f7f7f7] rounded-2xl w-1\/2 left-0\"\n      aria-hidden=\"true\"><\/div>\n\n    <div class=\"relative grid grid-cols-1 md:grid-cols-12 gap-8 md:gap-12 items-center z-10\">\n\n            <div class=\"md:order-2 md:col-span-7 md:-ml-10 lg:-ml-12 js-reveal\"\n        data-reveal-from=\"right\"\n        data-reveal-distance=\"120\"\n        data-reveal-delay=\"0\">\n                          <img decoding=\"async\" class=\"w-auto rounded-xl shadow-sm max-h-[550px] overflow-y-auto m-auto\" src=\"https:\/\/hi-technologies.ch\/app\/uploads\/2025\/10\/Hit-02-TR615-AVer.jpg\" alt=\"\">\n        \n                      <\/div>\n\n            <div class=\"md:order-1 md:col-span-5\">\n        <div class=\"px-5 py-15 md:px-10 md:py-30 \">\n\n          \n                      <h2 class=\"text-3xl md:text-4xl fw-600 leading-tight mb-8 mt-16 js-reveal\"\n                data-reveal-from=\"left\" data-reveal-distance=\"24\" data-reveal-once=\"true\">\n              AVer TR615 \n            <\/h2>\n          \n                      <p class=\"text-lg uppercase tracking-wide opacity-80 mb-6 u-title fw-500 js-reveal\"\n              data-reveal-from=\"left\" data-reveal-distance=\"20\"\n              data-reveal-delay=\"0.06\" data-reveal-once=\"true\">\n              Cam\u00e9ra PTZ 4K avec suivi AI pour productions professionnelles\n            <\/p>\n          \n                      <div class=\"mt-2 text-sm md:text-base leading-relaxed js-reveal-blur\"\n                data-reveal-distance=\"12\" data-reveal-delay=\"0.12\" data-reveal-once=\"true\">\n              <p class=\"p1\">La TR615 est une cam\u00e9ra PTZ 4K haut de gamme \u00e9quip\u00e9e d&#8217;un capteur Sony Exmor RS de 1 pouce, offrant une qualit\u00e9 d&#8217;image cin\u00e9matographique \u00e0 60 fps. Elle int\u00e8gre des modes de suivi AI (Pr\u00e9sentateur, Zone, Hybride) et dispose d&#8217;un zoom optique 19x. Parfaite pour les productions en direct, elle supporte NDI|HX3, Free-D, et Dante AV-H pour une int\u00e9gration professionnelle.<\/p>\n\n            <\/div>\n          \n                    \n                      <div class=\"mt-8 flex flex-wrap items-center gap-6 mb-16 js-reveal\"\n                data-reveal-from=\"up\" data-reveal-distance=\"16\"\n                data-reveal-delay=\"0.18\" data-reveal-once=\"true\">\n                                                  \n                    \n                \n\n<a href=\"https:\/\/hi-technologies.ch\/fr\/contact\/\" class=\"cta_link tone-teal\">\n  <span>Contactez-nous<\/span>\n  <\/a>\n      \n                        \n            <\/div>\n          \n        <\/div>\n      <\/div>\n\n\n    <\/div>\n  <\/div>\n<\/section>\n\n\n\n<p><\/p>\n","protected":false},"excerpt":{"rendered":"<p>Deux solutions de cam\u00e9ras AVer que nous avons aim\u00e9<\/p>\n","protected":false},"author":1,"featured_media":2111,"parent":96,"menu_order":0,"comment_status":"closed","ping_status":"closed","template":"page-templates\/page-marque.php","meta":{"_acf_changed":false,"inline_featured_image":false,"footnotes":""},"domaine_solution":[],"class_list":["post-2105","page","type-page","status-publish","has-post-thumbnail","hentry"],"acf":[],"yoast_head":"<!-- This site is optimized with the Yoast SEO plugin v25.8 - https:\/\/yoast.com\/wordpress\/plugins\/seo\/ -->\n<title>AVer \u2013 Cam\u00e9ras Pro AV - Hi-Technologies<\/title>\n<meta name=\"description\" content=\"Cam\u00e9ras Pro AV AVer : PTZ 4K, suivi IA, capture et streaming pour studios, salles et \u00e9v\u00e9nements. Des solutions fiables int\u00e9gr\u00e9es par Hi Technologies.\" \/>\n<meta name=\"robots\" content=\"index, follow, max-snippet:-1, max-image-preview:large, max-video-preview:-1\" \/>\n<link rel=\"canonical\" href=\"https:\/\/hi-technologies.ch\/fr\/marques-partenaires\/aver-cameras-pro-av\/\" \/>\n<meta property=\"og:locale\" content=\"fr_FR\" \/>\n<meta property=\"og:type\" content=\"article\" \/>\n<meta property=\"og:title\" content=\"AVer \u2013 Cam\u00e9ras Pro AV - Hi-Technologies\" \/>\n<meta property=\"og:description\" content=\"Cam\u00e9ras Pro AV AVer : PTZ 4K, suivi IA, capture et streaming pour studios, salles et \u00e9v\u00e9nements. Des solutions fiables int\u00e9gr\u00e9es par Hi Technologies.\" \/>\n<meta property=\"og:url\" content=\"https:\/\/hi-technologies.ch\/fr\/marques-partenaires\/aver-cameras-pro-av\/\" \/>\n<meta property=\"og:site_name\" content=\"Hi-Technologies\" \/>\n<meta property=\"article:modified_time\" content=\"2025-12-18T13:08:15+00:00\" \/>\n<meta property=\"og:image\" content=\"https:\/\/hi-technologies.ch\/app\/uploads\/2025\/10\/Hit-AVer-Logo.png\" \/>\n\t<meta property=\"og:image:width\" content=\"400\" \/>\n\t<meta property=\"og:image:height\" content=\"125\" \/>\n\t<meta property=\"og:image:type\" content=\"image\/png\" \/>\n<meta name=\"twitter:card\" content=\"summary_large_image\" \/>\n<meta name=\"twitter:label1\" content=\"Est. reading time\" \/>\n\t<meta name=\"twitter:data1\" content=\"1 minute\" \/>\n<script type=\"application\/ld+json\" class=\"yoast-schema-graph\">{\"@context\":\"https:\/\/schema.org\",\"@graph\":[{\"@type\":\"WebPage\",\"@id\":\"https:\/\/hi-technologies.ch\/fr\/marques-partenaires\/aver-cameras-pro-av\/\",\"url\":\"https:\/\/hi-technologies.ch\/fr\/marques-partenaires\/aver-cameras-pro-av\/\",\"name\":\"AVer \u2013 Cam\u00e9ras Pro AV - Hi-Technologies\",\"isPartOf\":{\"@id\":\"https:\/\/hi-technologies.ch\/fr\/#website\"},\"primaryImageOfPage\":{\"@id\":\"https:\/\/hi-technologies.ch\/fr\/marques-partenaires\/aver-cameras-pro-av\/#primaryimage\"},\"image\":{\"@id\":\"https:\/\/hi-technologies.ch\/fr\/marques-partenaires\/aver-cameras-pro-av\/#primaryimage\"},\"thumbnailUrl\":\"https:\/\/hi-technologies.ch\/app\/uploads\/2025\/10\/Hit-AVer-Logo.png\",\"datePublished\":\"2025-10-30T11:05:06+00:00\",\"dateModified\":\"2025-12-18T13:08:15+00:00\",\"description\":\"Cam\u00e9ras Pro AV AVer : PTZ 4K, suivi IA, capture et streaming pour studios, salles et \u00e9v\u00e9nements. Des solutions fiables int\u00e9gr\u00e9es par Hi Technologies.\",\"breadcrumb\":{\"@id\":\"https:\/\/hi-technologies.ch\/fr\/marques-partenaires\/aver-cameras-pro-av\/#breadcrumb\"},\"inLanguage\":\"fr-FR\",\"potentialAction\":[{\"@type\":\"ReadAction\",\"target\":[\"https:\/\/hi-technologies.ch\/fr\/marques-partenaires\/aver-cameras-pro-av\/\"]}]},{\"@type\":\"ImageObject\",\"inLanguage\":\"fr-FR\",\"@id\":\"https:\/\/hi-technologies.ch\/fr\/marques-partenaires\/aver-cameras-pro-av\/#primaryimage\",\"url\":\"https:\/\/hi-technologies.ch\/app\/uploads\/2025\/10\/Hit-AVer-Logo.png\",\"contentUrl\":\"https:\/\/hi-technologies.ch\/app\/uploads\/2025\/10\/Hit-AVer-Logo.png\",\"width\":400,\"height\":125},{\"@type\":\"BreadcrumbList\",\"@id\":\"https:\/\/hi-technologies.ch\/fr\/marques-partenaires\/aver-cameras-pro-av\/#breadcrumb\",\"itemListElement\":[{\"@type\":\"ListItem\",\"position\":1,\"name\":\"Home\",\"item\":\"https:\/\/hi-technologies.ch\/fr\/\"},{\"@type\":\"ListItem\",\"position\":2,\"name\":\"Marques &amp; Partenaires\",\"item\":\"https:\/\/hi-technologies.ch\/fr\/marques-partenaires\/\"},{\"@type\":\"ListItem\",\"position\":3,\"name\":\"AVer \u2013 Cam\u00e9ras Pro AV\"}]},{\"@type\":\"WebSite\",\"@id\":\"https:\/\/hi-technologies.ch\/fr\/#website\",\"url\":\"https:\/\/hi-technologies.ch\/fr\/\",\"name\":\"Hi-Technologies\",\"description\":\"\",\"publisher\":{\"@id\":\"https:\/\/hi-technologies.ch\/fr\/#organization\"},\"potentialAction\":[{\"@type\":\"SearchAction\",\"target\":{\"@type\":\"EntryPoint\",\"urlTemplate\":\"https:\/\/hi-technologies.ch\/fr\/?s={search_term_string}\"},\"query-input\":{\"@type\":\"PropertyValueSpecification\",\"valueRequired\":true,\"valueName\":\"search_term_string\"}}],\"inLanguage\":\"fr-FR\"},{\"@type\":\"Organization\",\"@id\":\"https:\/\/hi-technologies.ch\/fr\/#organization\",\"name\":\"Hi-Technologies\",\"url\":\"https:\/\/hi-technologies.ch\/fr\/\",\"logo\":{\"@type\":\"ImageObject\",\"inLanguage\":\"fr-FR\",\"@id\":\"https:\/\/hi-technologies.ch\/fr\/#\/schema\/logo\/image\/\",\"url\":\"https:\/\/hi-technologies.ch\/app\/uploads\/2025\/12\/hi-technologies_logo2025-2.png\",\"contentUrl\":\"https:\/\/hi-technologies.ch\/app\/uploads\/2025\/12\/hi-technologies_logo2025-2.png\",\"width\":849,\"height\":281,\"caption\":\"Hi-Technologies\"},\"image\":{\"@id\":\"https:\/\/hi-technologies.ch\/fr\/#\/schema\/logo\/image\/\"},\"sameAs\":[\"https:\/\/www.linkedin.com\/company\/hitechnologies\/\"]}]}<\/script>\n<!-- \/ Yoast SEO plugin. -->","yoast_head_json":{"title":"AVer \u2013 Cam\u00e9ras Pro AV - Hi-Technologies","description":"Cam\u00e9ras Pro AV AVer : PTZ 4K, suivi IA, capture et streaming pour studios, salles et \u00e9v\u00e9nements. Des solutions fiables int\u00e9gr\u00e9es par Hi Technologies.","robots":{"index":"index","follow":"follow","max-snippet":"max-snippet:-1","max-image-preview":"max-image-preview:large","max-video-preview":"max-video-preview:-1"},"canonical":"https:\/\/hi-technologies.ch\/fr\/marques-partenaires\/aver-cameras-pro-av\/","og_locale":"fr_FR","og_type":"article","og_title":"AVer \u2013 Cam\u00e9ras Pro AV - Hi-Technologies","og_description":"Cam\u00e9ras Pro AV AVer : PTZ 4K, suivi IA, capture et streaming pour studios, salles et \u00e9v\u00e9nements. Des solutions fiables int\u00e9gr\u00e9es par Hi Technologies.","og_url":"https:\/\/hi-technologies.ch\/fr\/marques-partenaires\/aver-cameras-pro-av\/","og_site_name":"Hi-Technologies","article_modified_time":"2025-12-18T13:08:15+00:00","og_image":[{"width":400,"height":125,"url":"https:\/\/hi-technologies.ch\/app\/uploads\/2025\/10\/Hit-AVer-Logo.png","type":"image\/png"}],"twitter_card":"summary_large_image","twitter_misc":{"Est. reading time":"1 minute"},"schema":{"@context":"https:\/\/schema.org","@graph":[{"@type":"WebPage","@id":"https:\/\/hi-technologies.ch\/fr\/marques-partenaires\/aver-cameras-pro-av\/","url":"https:\/\/hi-technologies.ch\/fr\/marques-partenaires\/aver-cameras-pro-av\/","name":"AVer \u2013 Cam\u00e9ras Pro AV - Hi-Technologies","isPartOf":{"@id":"https:\/\/hi-technologies.ch\/fr\/#website"},"primaryImageOfPage":{"@id":"https:\/\/hi-technologies.ch\/fr\/marques-partenaires\/aver-cameras-pro-av\/#primaryimage"},"image":{"@id":"https:\/\/hi-technologies.ch\/fr\/marques-partenaires\/aver-cameras-pro-av\/#primaryimage"},"thumbnailUrl":"https:\/\/hi-technologies.ch\/app\/uploads\/2025\/10\/Hit-AVer-Logo.png","datePublished":"2025-10-30T11:05:06+00:00","dateModified":"2025-12-18T13:08:15+00:00","description":"Cam\u00e9ras Pro AV AVer : PTZ 4K, suivi IA, capture et streaming pour studios, salles et \u00e9v\u00e9nements. Des solutions fiables int\u00e9gr\u00e9es par Hi Technologies.","breadcrumb":{"@id":"https:\/\/hi-technologies.ch\/fr\/marques-partenaires\/aver-cameras-pro-av\/#breadcrumb"},"inLanguage":"fr-FR","potentialAction":[{"@type":"ReadAction","target":["https:\/\/hi-technologies.ch\/fr\/marques-partenaires\/aver-cameras-pro-av\/"]}]},{"@type":"ImageObject","inLanguage":"fr-FR","@id":"https:\/\/hi-technologies.ch\/fr\/marques-partenaires\/aver-cameras-pro-av\/#primaryimage","url":"https:\/\/hi-technologies.ch\/app\/uploads\/2025\/10\/Hit-AVer-Logo.png","contentUrl":"https:\/\/hi-technologies.ch\/app\/uploads\/2025\/10\/Hit-AVer-Logo.png","width":400,"height":125},{"@type":"BreadcrumbList","@id":"https:\/\/hi-technologies.ch\/fr\/marques-partenaires\/aver-cameras-pro-av\/#breadcrumb","itemListElement":[{"@type":"ListItem","position":1,"name":"Home","item":"https:\/\/hi-technologies.ch\/fr\/"},{"@type":"ListItem","position":2,"name":"Marques &amp; Partenaires","item":"https:\/\/hi-technologies.ch\/fr\/marques-partenaires\/"},{"@type":"ListItem","position":3,"name":"AVer \u2013 Cam\u00e9ras Pro AV"}]},{"@type":"WebSite","@id":"https:\/\/hi-technologies.ch\/fr\/#website","url":"https:\/\/hi-technologies.ch\/fr\/","name":"Hi-Technologies","description":"","publisher":{"@id":"https:\/\/hi-technologies.ch\/fr\/#organization"},"potentialAction":[{"@type":"SearchAction","target":{"@type":"EntryPoint","urlTemplate":"https:\/\/hi-technologies.ch\/fr\/?s={search_term_string}"},"query-input":{"@type":"PropertyValueSpecification","valueRequired":true,"valueName":"search_term_string"}}],"inLanguage":"fr-FR"},{"@type":"Organization","@id":"https:\/\/hi-technologies.ch\/fr\/#organization","name":"Hi-Technologies","url":"https:\/\/hi-technologies.ch\/fr\/","logo":{"@type":"ImageObject","inLanguage":"fr-FR","@id":"https:\/\/hi-technologies.ch\/fr\/#\/schema\/logo\/image\/","url":"https:\/\/hi-technologies.ch\/app\/uploads\/2025\/12\/hi-technologies_logo2025-2.png","contentUrl":"https:\/\/hi-technologies.ch\/app\/uploads\/2025\/12\/hi-technologies_logo2025-2.png","width":849,"height":281,"caption":"Hi-Technologies"},"image":{"@id":"https:\/\/hi-technologies.ch\/fr\/#\/schema\/logo\/image\/"},"sameAs":["https:\/\/www.linkedin.com\/company\/hitechnologies\/"]}]}},"_links":{"self":[{"href":"https:\/\/hi-technologies.ch\/fr\/wp-json\/wp\/v2\/pages\/2105","targetHints":{"allow":["GET"]}}],"collection":[{"href":"https:\/\/hi-technologies.ch\/fr\/wp-json\/wp\/v2\/pages"}],"about":[{"href":"https:\/\/hi-technologies.ch\/fr\/wp-json\/wp\/v2\/types\/page"}],"author":[{"embeddable":true,"href":"https:\/\/hi-technologies.ch\/fr\/wp-json\/wp\/v2\/users\/1"}],"replies":[{"embeddable":true,"href":"https:\/\/hi-technologies.ch\/fr\/wp-json\/wp\/v2\/comments?post=2105"}],"version-history":[{"count":20,"href":"https:\/\/hi-technologies.ch\/fr\/wp-json\/wp\/v2\/pages\/2105\/revisions"}],"predecessor-version":[{"id":5465,"href":"https:\/\/hi-technologies.ch\/fr\/wp-json\/wp\/v2\/pages\/2105\/revisions\/5465"}],"up":[{"embeddable":true,"href":"https:\/\/hi-technologies.ch\/fr\/wp-json\/wp\/v2\/pages\/96"}],"wp:featuredmedia":[{"embeddable":true,"href":"https:\/\/hi-technologies.ch\/fr\/wp-json\/wp\/v2\/media\/2111"}],"wp:attachment":[{"href":"https:\/\/hi-technologies.ch\/fr\/wp-json\/wp\/v2\/media?parent=2105"}],"wp:term":[{"taxonomy":"domaine_solution","embeddable":true,"href":"https:\/\/hi-technologies.ch\/fr\/wp-json\/wp\/v2\/domaine_solution?post=2105"}],"curies":[{"name":"wp","href":"https:\/\/api.w.org\/{rel}","templated":true}]}}