{"id":1581,"date":"2025-10-27T16:16:31","date_gmt":"2025-10-27T15:16:31","guid":{"rendered":"https:\/\/hi-technologies.ch\/?page_id=1581"},"modified":"2026-03-18T17:18:48","modified_gmt":"2026-03-18T16:18:48","slug":"erard-pro","status":"publish","type":"page","link":"https:\/\/hi-technologies.ch\/fr\/marques-partenaires\/erard-pro\/","title":{"rendered":"Erard Pro"},"content":{"rendered":"\n\n\n\n   \n\n\n  \n\n\n\n\n        \n<section\n  id=\"block_4b0c5cb71db4848b8990c664c5936516\"\n  class=\"hero_section relative isolate   w-full overflow-hidden md:rounded-2xl md:mt-6 mt-0 js-hero\"\n  data-hero-tone=\"dark\"\n  style=\"background-image:linear-gradient(90deg, rgba(247,247,247,1) 0%, rgba(247,247,247,.10) 60%, rgba(247,247,247,0) 100%), url(https:\/\/hi-technologies.ch\/app\/uploads\/2025\/10\/header-Erard.jpg); background-size:cover; background-position:center; min-height:48vh;\">\n\n\n    \n\n    \n    \n  <div class=\"relative z-20 max-w-7xl px-4 md:px-6 mx-auto\" style=\"min-height:48vh;\">\n    <div class=\"flex items-center\" style=\"min-height:48vh;\">\n              \n        <div class=\"hero__content py-12 md:py-16 lg:py-20 text-black text-left\">\n\n          \n                      <h1 class=\"text-3xl md:text-6xl fw-600 uppercase leading-tight js-reveal\"\n                data-reveal-from=\"left\" data-reveal-distance=\"24\"\n                data-reveal-delay=\"0.06\" data-reveal-once=\"true\">\n              Erard Pro\n            <\/h1>\n          \n                      <div class=\"mt-4 text-sm md:text-base leading-relaxed opacity-95 js-reveal-blur\"\n                data-reveal-distance=\"12\" data-reveal-delay=\"0.12\" data-reveal-once=\"true\">\n              <p>D\u00e9couvrez <b>Erard<\/b>, sp\u00e9cialiste du mobilier, des supports et de la connectique pour l\u2019audiovisuel et la visioconf\u00e9rence, offrant des solutions innovantes, modulables et fiables pour tous vos espaces professionnels.<\/p>\n\n            <\/div>\n          \n                                          <div class=\"mt-6 flex flex-wrap items-center gap-4 js-reveal\"\n                data-reveal-from=\"up\" data-reveal-distance=\"16\"\n                data-reveal-delay=\"0.18\" data-reveal-once=\"true\">\n                                                  \n                    \n                \n\n<a href=\"#solutions\" class=\"cta_link tone-teal\">\n  <span>D\u00e9couvrir les solutions Erard Pro<\/span>\n  <\/a>\n      \n                                                  \n                    \n                \n\n\n\n\n\n\n      \n        \n    \n      <a href=\"https:\/\/hi-technologies.ch\/fr\/contact\/\"\n       class=\"cta_btn cta_btn--md cta_btn--wipe tone-teal cta_btn--hairline halo-none\"\n       >\n      <span>Contactez nos sp\u00e9cialistes<\/span>\n          <\/a>\n        \n            <\/div>\n          \n        <\/div>\n\n    <\/div>\n  <\/div>\n<\/section>\n\n<script>\n  (function () {\n    var hero = document.currentScript && document.currentScript.previousElementSibling;\n    if (!hero) return;\n    var tone = hero.getAttribute('data-hero-tone') || 'light';\n    document.body.classList.add('has-hero', 'hero-tone-' + tone);\n  })();\n<\/script>\n\n\n\n\n\n\n\n\n<section id=\"block_e1ad20c53ff72f3a66e7af38ce02d950\"\n         class=\"b2 block_2col mt-12 rounded-2xl \"\n         style=\"background-color:#f7f7f7;\">\n  <div class=\"max-w-7xl mx-auto px-4 md:px-6 py-12 md:py-16\">\n    <div class=\"grid grid-cols-1 md:grid-cols-12 gap-8 md:gap-10 items-center\">\n\n            <div class=\"md:order-1 md:col-span-6 pl-12 pr-12 js-reveal\" data-reveal-distance=\"24\">\n                                  <img decoding=\"async\" class=\"b2-logo max-w-[340px] w-full h-auto\" src=\"https:\/\/hi-technologies.ch\/app\/uploads\/2025\/10\/HiT-erard-pro-logo.png\" alt=\"\">\n        \n        \n              <\/div>\n\n            <div class=\"md:order-2 md:col-span-6 pl-12 pr-12 js-reveal\" data-reveal-distance=\"24\">\n                  <h2 class=\"text-3xl md:text-4xl fw-500 leading-tight mb-12 mt-12 js-reveal-blur\" data-reveal-stagger=\"0.06\">\n            Mobilier, supports et connectique pour l&#8217;audiovisuel professionnel\n          <\/h2>\n        \n                  <div class=\"text-xs md:text-base leading-relaxed mt-12 mb-6\">\n            <p>Erard, entreprise fran\u00e7aise fond\u00e9e depuis plus de soixante ans, con\u00e7oit, fabrique et commercialise des solutions d\u2019int\u00e9gration audiovisuelle haut de gamme tant pour les particuliers que pour les professionnels.<br \/>\nLeur offre pour le secteur audiovisuel et visioconf\u00e9rence comporte\u00a03 gammes :<\/p>\n<ul>\n<li><b>Mobilier &amp; supports<\/b> : pieds et colonnes mobiles (gammes <i>WILL<\/i>, <i>KROSS<\/i>, <i>AKHA<\/i>), supports muraux fixes ou orientables, supports pour vid\u00e9oprojecteurs, meubles audiovisuels comme le <i>KREDENZ<\/i> permettant d\u2019int\u00e9grer \u00e9cran, barre de visioconf\u00e9rence et rangement.<\/li>\n<li><b>Supports sp\u00e9cialis\u00e9s<\/b> : caissons de protection pour \u00e9crans, solutions outdoor, chariots pour \u00e9crans grand format, supports sans per\u00e7age (<i>STANDiT<\/i>) pour faciliter les installations.<\/li>\n<li><b>Connectique &amp; accessoires<\/b> : large gamme de c\u00e2bles, adaptateurs, connecteurs, cordons professionels, etc., permettant de g\u00e9rer l\u2019affichage dynamique, le signal vid\u00e9o prolong\u00e9, la connectivit\u00e9 pour visio.<\/li>\n<\/ul>\n\n          <\/div>\n        \n                        \n                  <div class=\"mt-6 flex flex-wrap gap-4\">\n                                                \n                    \n                \n\n<a href=\"#solutions\" class=\"cta_link tone-teal\">\n  <span>Focus sur deux solutions ERARD PRO<\/span>\n  <\/a>\n      \n                                                \n                    \n                \n\n\n\n\n\n\n      \n        \n    \n      <a href=\"#produits\"\n       class=\"cta_btn cta_btn--md cta_btn--wipe tone-teal cta_btn--hairline halo-none\"\n       >\n      <span>Gamme de produits<\/span>\n          <\/a>\n        \n          <\/div>\n              <\/div>\n\n    <\/div>\n  <\/div>\n<\/section>\n\n\n\n<h2 class=\"wp-block-heading has-text-align-center\">D\u00e9couvrez les solutions Erard Pro<br> chez Hi Technologies<\/h2>\n\n\n\n\n\n\n\n\n\n<section id=\"solutions\" class=\"spotlight relative  mt-5 mb-5\">\n  <div class=\"max-w-7xl mx-auto px-4 md:px-6 py-12 md:py-16\">\n\n        <div\n      class=\"hidden md:block absolute inset-y-6 md:inset-y-8 bg-[#f7f7f7] rounded-2xl w-1\/2 right-0\"\n      aria-hidden=\"true\"><\/div>\n\n    <div class=\"relative grid grid-cols-1 md:grid-cols-12 gap-8 md:gap-12 items-center z-10\">\n\n            <div class=\"md:order-1 md:col-span-7 md:-mr-10 lg:-mr-12 js-reveal\"\n        data-reveal-from=\"left\"\n        data-reveal-distance=\"120\"\n        data-reveal-delay=\"0\">\n                          <img decoding=\"async\" class=\"w-auto rounded-xl shadow-sm max-h-[550px] overflow-y-auto m-auto\" src=\"https:\/\/hi-technologies.ch\/app\/uploads\/2025\/10\/01-visiotab400-pied-de-table-pour-visioconference.png\" alt=\"\">\n        \n                      <\/div>\n\n            <div class=\"md:order-2 md:col-span-5\">\n        <div class=\"px-5 py-15 md:px-10 md:py-30 \">\n\n          \n                      <h2 class=\"text-3xl md:text-4xl fw-600 leading-tight mb-8 mt-16 js-reveal\"\n                data-reveal-from=\"right\" data-reveal-distance=\"24\" data-reveal-once=\"true\">\n              Pied de table VISIOTAB400\n            <\/h2>\n          \n                      <p class=\"text-lg uppercase tracking-wide opacity-80 mb-6 u-title fw-500 js-reveal\"\n              data-reveal-from=\"right\" data-reveal-distance=\"20\"\n              data-reveal-delay=\"0.06\" data-reveal-once=\"true\">\n              Flexibilit\u00e9 pour visioconf\u00e9rence\n            <\/p>\n          \n                      <div class=\"mt-2 text-sm md:text-base leading-relaxed js-reveal-blur\"\n                data-reveal-distance=\"12\" data-reveal-delay=\"0.12\" data-reveal-once=\"true\">\n              <p>Le <b>VISIOTAB400<\/b> est un pied de table ajustable en hauteur, con\u00e7u pour les <b>\u00e9crans de 43&#8221; \u00e0 65&#8221;.<\/b><\/p>\n<p>Il int\u00e8gre un <b>support universel pour cam\u00e9ra ou barre de visioconf\u00e9rence<\/b>, avec une gestion des c\u00e2bles et deux grands espaces de stockage.<\/p>\n<p>Ce pied offre une solution flexible et esth\u00e9tique pour les environnements de visioconf\u00e9rence, permettant une <b>installation rapide sans outil.<\/b><\/p>\n\n            <\/div>\n          \n                    \n                      <div class=\"mt-8 flex flex-wrap items-center gap-6 mb-16 js-reveal\"\n                data-reveal-from=\"up\" data-reveal-distance=\"16\"\n                data-reveal-delay=\"0.18\" data-reveal-once=\"true\">\n                                                  \n                    \n                \n\n<a href=\"https:\/\/hi-technologies.ch\/fr\/contact\/\" class=\"cta_link tone-teal\">\n  <span>Contactez-nous<\/span>\n  <\/a>\n      \n                        \n            <\/div>\n          \n        <\/div>\n      <\/div>\n\n\n    <\/div>\n  <\/div>\n<\/section>\n\n\n\n\n\n\n\n\n\n<section id=\"block_5a7fe5fbdce758b471b1a8e453c1d76c\" class=\"spotlight relative  mt-5 mb-5\">\n  <div class=\"max-w-7xl mx-auto px-4 md:px-6 py-12 md:py-16\">\n\n        <div\n      class=\"hidden md:block absolute inset-y-6 md:inset-y-8 bg-[#f7f7f7] rounded-2xl w-1\/2 left-0\"\n      aria-hidden=\"true\"><\/div>\n\n    <div class=\"relative grid grid-cols-1 md:grid-cols-12 gap-8 md:gap-12 items-center z-10\">\n\n            <div class=\"md:order-2 md:col-span-7 md:-ml-10 lg:-ml-12 js-reveal\"\n        data-reveal-from=\"right\"\n        data-reveal-distance=\"120\"\n        data-reveal-delay=\"0\">\n                          <img decoding=\"async\" class=\"w-auto rounded-xl shadow-sm max-h-[550px] overflow-y-auto m-auto\" src=\"https:\/\/hi-technologies.ch\/app\/uploads\/2025\/10\/02-NX-Series-scaled.jpg\" alt=\"\">\n        \n                      <\/div>\n\n            <div class=\"md:order-1 md:col-span-5\">\n        <div class=\"px-5 py-15 md:px-10 md:py-30 \">\n\n          \n                      <h2 class=\"text-3xl md:text-4xl fw-600 leading-tight mb-8 mt-16 js-reveal\"\n                data-reveal-from=\"left\" data-reveal-distance=\"24\" data-reveal-once=\"true\">\n              Support mural STANDiT\u2122\n            <\/h2>\n          \n                      <p class=\"text-lg uppercase tracking-wide opacity-80 mb-6 u-title fw-500 js-reveal\"\n              data-reveal-from=\"left\" data-reveal-distance=\"20\"\n              data-reveal-delay=\"0.06\" data-reveal-once=\"true\">\n              Installation sans per\u00e7age\n            <\/p>\n          \n                      <div class=\"mt-2 text-sm md:text-base leading-relaxed js-reveal-blur\"\n                data-reveal-distance=\"12\" data-reveal-delay=\"0.12\" data-reveal-once=\"true\">\n              <p>Le <b>STANDiT\u2122<\/b> d\u2019Erard propose des supports muraux innovants pour \u00e9crans, disponibles en <b>gammes 400 et 600<\/b>, adapt\u00e9s \u00e0 diff\u00e9rentes tailles et poids d\u2019\u00e9crans. Sans per\u00e7age, ils garantissent une installation rapide et propre, avec <b>hauteur ajustable<\/b>, structure en acier solide et <b>gestion int\u00e9gr\u00e9e des c\u00e2bles<\/b>. Id\u00e9al pour salles de r\u00e9union, espaces de formation ou visioconf\u00e9rence, le STANDiT\u2122 allie <b>s\u00e9curit\u00e9, modularit\u00e9 et esth\u00e9tique<\/b> pour un affichage professionnel.<\/p>\n\n            <\/div>\n          \n                    \n                      <div class=\"mt-8 flex flex-wrap items-center gap-6 mb-16 js-reveal\"\n                data-reveal-from=\"up\" data-reveal-distance=\"16\"\n                data-reveal-delay=\"0.18\" data-reveal-once=\"true\">\n                                                  \n                    \n                \n\n<a href=\"https:\/\/hi-technologies.ch\/fr\/contact\/\" class=\"cta_link tone-teal\">\n  <span>Contactez-nous<\/span>\n  <\/a>\n      \n                        \n            <\/div>\n          \n        <\/div>\n      <\/div>\n\n\n    <\/div>\n  <\/div>\n<\/section>\n\n\n\n\n\n\n\n\n  \n\n\n\n\n        \n<section\n  id=\"produits\"\n  class=\"hero_section relative isolate  hero--full w-full overflow-hidden  js-hero\"\n  data-hero-tone=\"light\"\n  style=\"background-image:linear-gradient(90deg, rgba(0,0,0,.90) 0%, rgba(0,0,0,.40) 50%), url(https:\/\/hi-technologies.ch\/app\/uploads\/2025\/10\/Erard-Reunion-professionnelle.jpg); background-size:cover; background-position:center; min-height:62vh;\">\n\n\n    \n\n    \n    \n  <div class=\"relative z-20 px-4 md:px-10 w-full\" style=\"min-height:62vh;\">\n    <div class=\"flex items-start\" style=\"min-height:62vh;\">\n              \n        <div class=\"hero__content py-12 md:py-16 lg:py-20 text-white text-left\">\n\n          \n                      <h2 class=\"text-3xl md:text-6xl fw-600 uppercase leading-tight js-reveal\"\n                data-reveal-from=\"left\" data-reveal-distance=\"24\"\n                data-reveal-delay=\"0.06\" data-reveal-once=\"true\">\n              Les solutions ERARD propos\u00e9es<br \/>\r\npar Hi Technologies\n            <\/h2>\n          \n                      <div class=\"mt-4 text-sm md:text-base leading-relaxed opacity-95 js-reveal-blur\"\n                data-reveal-distance=\"12\" data-reveal-delay=\"0.12\" data-reveal-once=\"true\">\n              <p><span lang=\"fr-CH\">Erard Pro propose plusieurs centaines de produits en supports muraux, colonnes, mobilier, support plafond, support de table, protection d\u2019\u00e9cran, structure murale pour mur LED, support pour barres de visioconf\u00e9rence, supports pour Vid\u00e9o-projecteurs etc\u2026<\/span><\/p>\n<p><span lang=\"fr-CH\">Nous sommes l\u00e0 pour vous conseiller et trouver pour vous la solution ERARD qui conviendra parfaitement aux besoins sp\u00e9cifique de votre installation audiovisuelle<\/span><\/p>\n\n            <\/div>\n          \n                                          <div class=\"mt-6 flex flex-wrap items-center gap-4 js-reveal\"\n                data-reveal-from=\"up\" data-reveal-distance=\"16\"\n                data-reveal-delay=\"0.18\" data-reveal-once=\"true\">\n                                                  \n                    \n                \n\n\n\n\n\n\n      \n        \n    \n      <a href=\"https:\/\/hi-technologies.ch\/fr\/contact\/\"\n       class=\"cta_btn cta_btn--md cta_btn--wipe tone-teal cta_btn--hairline halo-none\"\n       >\n      <span>Contactez nos sp\u00e9cialistes<\/span>\n          <\/a>\n        \n                        \n            <\/div>\n          \n        <\/div>\n\n    <\/div>\n  <\/div>\n<\/section>\n\n<script>\n  (function () {\n    var hero = document.currentScript && document.currentScript.previousElementSibling;\n    if (!hero) return;\n    var tone = hero.getAttribute('data-hero-tone') || 'light';\n    document.body.classList.add('has-hero', 'hero-tone-' + tone);\n  })();\n<\/script>\n\n\n","protected":false},"excerpt":{"rendered":"<p>D\u00e9couvrez les solutions Erard Pro chez Hi Technologies<\/p>\n","protected":false},"author":1,"featured_media":1584,"parent":96,"menu_order":0,"comment_status":"closed","ping_status":"closed","template":"page-templates\/page-marque.php","meta":{"_acf_changed":false,"inline_featured_image":false,"footnotes":""},"domaine_solution":[63],"class_list":["post-1581","page","type-page","status-publish","has-post-thumbnail","hentry"],"acf":[],"yoast_head":"<!-- This site is optimized with the Yoast SEO plugin v25.8 - https:\/\/yoast.com\/wordpress\/plugins\/seo\/ -->\n<title>Erard Pro - Hi-Technologies<\/title>\n<meta name=\"description\" content=\"Erard Pro chez Hi Technologies : mobilier, supports, connectique et solutions d\u2019int\u00e9gration AV et visioconf\u00e9rence, modulables et fiables pour vos espaces professionnels.\" \/>\n<meta name=\"robots\" content=\"index, follow, max-snippet:-1, max-image-preview:large, max-video-preview:-1\" \/>\n<link rel=\"canonical\" href=\"https:\/\/hi-technologies.ch\/fr\/marques-partenaires\/erard-pro\/\" \/>\n<meta property=\"og:locale\" content=\"fr_FR\" \/>\n<meta property=\"og:type\" content=\"article\" \/>\n<meta property=\"og:title\" content=\"Erard Pro - Hi-Technologies\" \/>\n<meta property=\"og:description\" content=\"Erard Pro chez Hi Technologies : mobilier, supports, connectique et solutions d\u2019int\u00e9gration AV et visioconf\u00e9rence, modulables et fiables pour vos espaces professionnels.\" \/>\n<meta property=\"og:url\" content=\"https:\/\/hi-technologies.ch\/fr\/marques-partenaires\/erard-pro\/\" \/>\n<meta property=\"og:site_name\" content=\"Hi-Technologies\" \/>\n<meta property=\"article:modified_time\" content=\"2026-03-18T16:18:48+00:00\" \/>\n<meta property=\"og:image\" content=\"https:\/\/hi-technologies.ch\/app\/uploads\/2025\/10\/HiT-erard-pro-logo.png\" \/>\n\t<meta property=\"og:image:width\" content=\"480\" \/>\n\t<meta property=\"og:image:height\" content=\"105\" \/>\n\t<meta property=\"og:image:type\" content=\"image\/png\" \/>\n<meta name=\"twitter:card\" content=\"summary_large_image\" \/>\n<meta name=\"twitter:label1\" content=\"Est. reading time\" \/>\n\t<meta name=\"twitter:data1\" content=\"1 minute\" \/>\n<script type=\"application\/ld+json\" class=\"yoast-schema-graph\">{\"@context\":\"https:\/\/schema.org\",\"@graph\":[{\"@type\":\"WebPage\",\"@id\":\"https:\/\/hi-technologies.ch\/fr\/marques-partenaires\/erard-pro\/\",\"url\":\"https:\/\/hi-technologies.ch\/fr\/marques-partenaires\/erard-pro\/\",\"name\":\"Erard Pro - Hi-Technologies\",\"isPartOf\":{\"@id\":\"https:\/\/hi-technologies.ch\/fr\/#website\"},\"primaryImageOfPage\":{\"@id\":\"https:\/\/hi-technologies.ch\/fr\/marques-partenaires\/erard-pro\/#primaryimage\"},\"image\":{\"@id\":\"https:\/\/hi-technologies.ch\/fr\/marques-partenaires\/erard-pro\/#primaryimage\"},\"thumbnailUrl\":\"https:\/\/hi-technologies.ch\/app\/uploads\/2025\/10\/HiT-erard-pro-logo.png\",\"datePublished\":\"2025-10-27T15:16:31+00:00\",\"dateModified\":\"2026-03-18T16:18:48+00:00\",\"description\":\"Erard Pro chez Hi Technologies : mobilier, supports, connectique et solutions d\u2019int\u00e9gration AV et visioconf\u00e9rence, modulables et fiables pour vos espaces professionnels.\",\"breadcrumb\":{\"@id\":\"https:\/\/hi-technologies.ch\/fr\/marques-partenaires\/erard-pro\/#breadcrumb\"},\"inLanguage\":\"fr-FR\",\"potentialAction\":[{\"@type\":\"ReadAction\",\"target\":[\"https:\/\/hi-technologies.ch\/fr\/marques-partenaires\/erard-pro\/\"]}]},{\"@type\":\"ImageObject\",\"inLanguage\":\"fr-FR\",\"@id\":\"https:\/\/hi-technologies.ch\/fr\/marques-partenaires\/erard-pro\/#primaryimage\",\"url\":\"https:\/\/hi-technologies.ch\/app\/uploads\/2025\/10\/HiT-erard-pro-logo.png\",\"contentUrl\":\"https:\/\/hi-technologies.ch\/app\/uploads\/2025\/10\/HiT-erard-pro-logo.png\",\"width\":480,\"height\":105},{\"@type\":\"BreadcrumbList\",\"@id\":\"https:\/\/hi-technologies.ch\/fr\/marques-partenaires\/erard-pro\/#breadcrumb\",\"itemListElement\":[{\"@type\":\"ListItem\",\"position\":1,\"name\":\"Home\",\"item\":\"https:\/\/hi-technologies.ch\/fr\/\"},{\"@type\":\"ListItem\",\"position\":2,\"name\":\"Marques &amp; Partenaires\",\"item\":\"https:\/\/hi-technologies.ch\/fr\/marques-partenaires\/\"},{\"@type\":\"ListItem\",\"position\":3,\"name\":\"Erard Pro\"}]},{\"@type\":\"WebSite\",\"@id\":\"https:\/\/hi-technologies.ch\/fr\/#website\",\"url\":\"https:\/\/hi-technologies.ch\/fr\/\",\"name\":\"Hi-Technologies\",\"description\":\"\",\"publisher\":{\"@id\":\"https:\/\/hi-technologies.ch\/fr\/#organization\"},\"potentialAction\":[{\"@type\":\"SearchAction\",\"target\":{\"@type\":\"EntryPoint\",\"urlTemplate\":\"https:\/\/hi-technologies.ch\/fr\/?s={search_term_string}\"},\"query-input\":{\"@type\":\"PropertyValueSpecification\",\"valueRequired\":true,\"valueName\":\"search_term_string\"}}],\"inLanguage\":\"fr-FR\"},{\"@type\":\"Organization\",\"@id\":\"https:\/\/hi-technologies.ch\/fr\/#organization\",\"name\":\"Hi-Technologies\",\"url\":\"https:\/\/hi-technologies.ch\/fr\/\",\"logo\":{\"@type\":\"ImageObject\",\"inLanguage\":\"fr-FR\",\"@id\":\"https:\/\/hi-technologies.ch\/fr\/#\/schema\/logo\/image\/\",\"url\":\"https:\/\/hi-technologies.ch\/app\/uploads\/2025\/12\/hi-technologies_logo2025-2.png\",\"contentUrl\":\"https:\/\/hi-technologies.ch\/app\/uploads\/2025\/12\/hi-technologies_logo2025-2.png\",\"width\":849,\"height\":281,\"caption\":\"Hi-Technologies\"},\"image\":{\"@id\":\"https:\/\/hi-technologies.ch\/fr\/#\/schema\/logo\/image\/\"},\"sameAs\":[\"https:\/\/www.linkedin.com\/company\/hitechnologies\/\"]}]}<\/script>\n<!-- \/ Yoast SEO plugin. -->","yoast_head_json":{"title":"Erard Pro - Hi-Technologies","description":"Erard Pro chez Hi Technologies : mobilier, supports, connectique et solutions d\u2019int\u00e9gration AV et visioconf\u00e9rence, modulables et fiables pour vos espaces professionnels.","robots":{"index":"index","follow":"follow","max-snippet":"max-snippet:-1","max-image-preview":"max-image-preview:large","max-video-preview":"max-video-preview:-1"},"canonical":"https:\/\/hi-technologies.ch\/fr\/marques-partenaires\/erard-pro\/","og_locale":"fr_FR","og_type":"article","og_title":"Erard Pro - Hi-Technologies","og_description":"Erard Pro chez Hi Technologies : mobilier, supports, connectique et solutions d\u2019int\u00e9gration AV et visioconf\u00e9rence, modulables et fiables pour vos espaces professionnels.","og_url":"https:\/\/hi-technologies.ch\/fr\/marques-partenaires\/erard-pro\/","og_site_name":"Hi-Technologies","article_modified_time":"2026-03-18T16:18:48+00:00","og_image":[{"width":480,"height":105,"url":"https:\/\/hi-technologies.ch\/app\/uploads\/2025\/10\/HiT-erard-pro-logo.png","type":"image\/png"}],"twitter_card":"summary_large_image","twitter_misc":{"Est. reading time":"1 minute"},"schema":{"@context":"https:\/\/schema.org","@graph":[{"@type":"WebPage","@id":"https:\/\/hi-technologies.ch\/fr\/marques-partenaires\/erard-pro\/","url":"https:\/\/hi-technologies.ch\/fr\/marques-partenaires\/erard-pro\/","name":"Erard Pro - Hi-Technologies","isPartOf":{"@id":"https:\/\/hi-technologies.ch\/fr\/#website"},"primaryImageOfPage":{"@id":"https:\/\/hi-technologies.ch\/fr\/marques-partenaires\/erard-pro\/#primaryimage"},"image":{"@id":"https:\/\/hi-technologies.ch\/fr\/marques-partenaires\/erard-pro\/#primaryimage"},"thumbnailUrl":"https:\/\/hi-technologies.ch\/app\/uploads\/2025\/10\/HiT-erard-pro-logo.png","datePublished":"2025-10-27T15:16:31+00:00","dateModified":"2026-03-18T16:18:48+00:00","description":"Erard Pro chez Hi Technologies : mobilier, supports, connectique et solutions d\u2019int\u00e9gration AV et visioconf\u00e9rence, modulables et fiables pour vos espaces professionnels.","breadcrumb":{"@id":"https:\/\/hi-technologies.ch\/fr\/marques-partenaires\/erard-pro\/#breadcrumb"},"inLanguage":"fr-FR","potentialAction":[{"@type":"ReadAction","target":["https:\/\/hi-technologies.ch\/fr\/marques-partenaires\/erard-pro\/"]}]},{"@type":"ImageObject","inLanguage":"fr-FR","@id":"https:\/\/hi-technologies.ch\/fr\/marques-partenaires\/erard-pro\/#primaryimage","url":"https:\/\/hi-technologies.ch\/app\/uploads\/2025\/10\/HiT-erard-pro-logo.png","contentUrl":"https:\/\/hi-technologies.ch\/app\/uploads\/2025\/10\/HiT-erard-pro-logo.png","width":480,"height":105},{"@type":"BreadcrumbList","@id":"https:\/\/hi-technologies.ch\/fr\/marques-partenaires\/erard-pro\/#breadcrumb","itemListElement":[{"@type":"ListItem","position":1,"name":"Home","item":"https:\/\/hi-technologies.ch\/fr\/"},{"@type":"ListItem","position":2,"name":"Marques &amp; Partenaires","item":"https:\/\/hi-technologies.ch\/fr\/marques-partenaires\/"},{"@type":"ListItem","position":3,"name":"Erard Pro"}]},{"@type":"WebSite","@id":"https:\/\/hi-technologies.ch\/fr\/#website","url":"https:\/\/hi-technologies.ch\/fr\/","name":"Hi-Technologies","description":"","publisher":{"@id":"https:\/\/hi-technologies.ch\/fr\/#organization"},"potentialAction":[{"@type":"SearchAction","target":{"@type":"EntryPoint","urlTemplate":"https:\/\/hi-technologies.ch\/fr\/?s={search_term_string}"},"query-input":{"@type":"PropertyValueSpecification","valueRequired":true,"valueName":"search_term_string"}}],"inLanguage":"fr-FR"},{"@type":"Organization","@id":"https:\/\/hi-technologies.ch\/fr\/#organization","name":"Hi-Technologies","url":"https:\/\/hi-technologies.ch\/fr\/","logo":{"@type":"ImageObject","inLanguage":"fr-FR","@id":"https:\/\/hi-technologies.ch\/fr\/#\/schema\/logo\/image\/","url":"https:\/\/hi-technologies.ch\/app\/uploads\/2025\/12\/hi-technologies_logo2025-2.png","contentUrl":"https:\/\/hi-technologies.ch\/app\/uploads\/2025\/12\/hi-technologies_logo2025-2.png","width":849,"height":281,"caption":"Hi-Technologies"},"image":{"@id":"https:\/\/hi-technologies.ch\/fr\/#\/schema\/logo\/image\/"},"sameAs":["https:\/\/www.linkedin.com\/company\/hitechnologies\/"]}]}},"_links":{"self":[{"href":"https:\/\/hi-technologies.ch\/fr\/wp-json\/wp\/v2\/pages\/1581","targetHints":{"allow":["GET"]}}],"collection":[{"href":"https:\/\/hi-technologies.ch\/fr\/wp-json\/wp\/v2\/pages"}],"about":[{"href":"https:\/\/hi-technologies.ch\/fr\/wp-json\/wp\/v2\/types\/page"}],"author":[{"embeddable":true,"href":"https:\/\/hi-technologies.ch\/fr\/wp-json\/wp\/v2\/users\/1"}],"replies":[{"embeddable":true,"href":"https:\/\/hi-technologies.ch\/fr\/wp-json\/wp\/v2\/comments?post=1581"}],"version-history":[{"count":21,"href":"https:\/\/hi-technologies.ch\/fr\/wp-json\/wp\/v2\/pages\/1581\/revisions"}],"predecessor-version":[{"id":5291,"href":"https:\/\/hi-technologies.ch\/fr\/wp-json\/wp\/v2\/pages\/1581\/revisions\/5291"}],"up":[{"embeddable":true,"href":"https:\/\/hi-technologies.ch\/fr\/wp-json\/wp\/v2\/pages\/96"}],"wp:featuredmedia":[{"embeddable":true,"href":"https:\/\/hi-technologies.ch\/fr\/wp-json\/wp\/v2\/media\/1584"}],"wp:attachment":[{"href":"https:\/\/hi-technologies.ch\/fr\/wp-json\/wp\/v2\/media?parent=1581"}],"wp:term":[{"taxonomy":"domaine_solution","embeddable":true,"href":"https:\/\/hi-technologies.ch\/fr\/wp-json\/wp\/v2\/domaine_solution?post=1581"}],"curies":[{"name":"wp","href":"https:\/\/api.w.org\/{rel}","templated":true}]}}